{"id":2488,"date":"2017-07-03T15:46:09","date_gmt":"2017-07-03T13:46:09","guid":{"rendered":"http:\/\/www.zss1.strefa.pl\/wpress\/?page_id=2488"},"modified":"2022-05-29T22:39:18","modified_gmt":"2022-05-29T20:39:18","slug":"modernizacja-ksztalcenia-zawodowego-w-zielonej-gorze","status":"publish","type":"page","link":"https:\/\/www.zss1.strefa.pl\/wpress\/?page_id=2488","title":{"rendered":"Modernizacja Kszta\u0142cenia Zawodowego w Mie\u015bcie Zielona G\u00f3ra"},"content":{"rendered":"\n<figure class=\"wp-block-image size-large\"><img loading=\"lazy\" decoding=\"async\" width=\"1000\" height=\"580\" src=\"https:\/\/www.zss1.strefa.pl\/wpress\/wp-content\/uploads\/2020\/06\/image-15.png\" alt=\"\" class=\"wp-image-13640\" srcset=\"https:\/\/www.zss1.strefa.pl\/wpress\/wp-content\/uploads\/2020\/06\/image-15.png 1000w, https:\/\/www.zss1.strefa.pl\/wpress\/wp-content\/uploads\/2020\/06\/image-15-300x174.png 300w, https:\/\/www.zss1.strefa.pl\/wpress\/wp-content\/uploads\/2020\/06\/image-15-768x445.png 768w, https:\/\/www.zss1.strefa.pl\/wpress\/wp-content\/uploads\/2020\/06\/image-15-360x209.png 360w\" sizes=\"auto, (max-width: 1000px) 100vw, 1000px\" \/><\/figure>\n\n\n\n<p class=\"has-text-align-center has-red-color has-green-background-color has-text-color has-background has-large-font-size\"><strong>Konkurs zawodoznawczy 2022r.<\/strong> &#8211; VI edycja<\/p>\n\n\n\n<p class=\"has-text-align-center\"><strong><em>Gra terenowa pn. \u201eWiedz\u0119 zdobywam &#8211; przysz\u0142o\u015b\u0107 wygrywam\u201d<\/em><\/strong><\/p>\n\n\n\n<div class=\"wp-block-image\"><figure class=\"aligncenter is-resized\"><img loading=\"lazy\" decoding=\"async\" src=\"https:\/\/www.zszpbo.zgora.pl\/images\/phocagallery\/rs18-19\/wiedze-zdobywam-przyszlosc-wygrywam_04.jpg\" alt=\"\" width=\"427\" height=\"320\" \/><\/figure><\/div>\n\n\n\n<p class=\"has-text-align-left\">28 kwietnia 2022 r. 3 osobowa reprezentacja naszej szko\u0142y, w sk\u0142adzie kt\u00f3rej znale\u017ali si\u0119: Karolina Podniesi\u0144ska, Kuba \u0141azanowski i Micha\u0142 Dworak, wzi\u0119\u0142a udzia\u0142 w <strong><em>Grze terenowej pn. \u201eWiedz\u0119 zdobywam &#8211; przysz\u0142o\u015b\u0107 wygrywam\u201d<\/em><\/strong>.<br>Zabawa polega\u0142a na dotarciu przez nas do punkt\u00f3w kontrolnych wskazanych w instrukcji gry terenowej oraz na wzi\u0119ciu udzia\u0142u w rozwi\u0105zaniu przygotowanych zada\u0144.<br>Pomimo naszego wielkiego zaanga\u017cowania i wykazywanych ch\u0119ci zadania okaza\u0142y si\u0119 dla nas bardzo trudne.<br>By\u0142o to jednak bardzo pozytywne do\u015bwiadczenie zmierzenia si\u0119 z powa\u017cnymi zadaniami czekaj\u0105cymi na nas wkr\u00f3tce w miejscu naszej pracy.<br>Opiekunem-Towarzyszem naszej ekipy by\u0142a p. Barbara Turska, nauczycielka zawodu.<\/p>\n\n\n\n<div class=\"wp-block-image\"><figure class=\"aligncenter is-resized\"><img loading=\"lazy\" decoding=\"async\" src=\"https:\/\/www.zszpbo.zgora.pl\/images\/phocagallery\/rs18-19\/wiedze-zdobywam-przyszlosc-wygrywam_06.jpg\" alt=\"\" width=\"391\" height=\"293\" \/><\/figure><\/div>\n\n\n\n<p class=\"has-text-align-center has-navy-blue-color has-dark-yellow-background-color has-text-color has-background has-large-font-size\"><strong>Film promuj\u0105cy szkolnictwo ponadpodstawowe<\/strong><br><strong> w Zielonej G\u00f3rze<\/strong><\/p>\n\n\n\n<p>W kwietniu 2022r. ukaza\u0142 si\u0119 film promuj\u0105cy szkolnictwo zawodowe w Zielonej G\u00f3rze.<br>Swoje miejsce ma w nim r\u00f3wnie\u017c nasza szko\u0142a. W kilku migawkach prezentujemy nasz\u0105 pi\u0119kn\u0105 pracowni\u0119 gastronomiczn\u0105 oraz zach\u0119camy uczni\u00f3w z niepe\u0142nosprawno\u015bci\u0105 intelektualn\u0105 do nauki zawodu kucharza razem z nami.<br>Zobaczcie sami:<\/p>\n\n\n\n<p><a href=\"https:\/\/www.youtube.com\/watch?v=Uw3UBCHwo88&amp;ab_channel=studioideafocus\">https:\/\/www.youtube.com\/watch?v=Uw3UBCHwo88&amp;ab_channel=studioideafocus<\/a><\/p>\n\n\n\n<p class=\"has-text-align-center has-dark-yellow-color has-navy-blue-background-color has-text-color has-background has-large-font-size\"><strong>\u201eWarsztat gastronomiczny FAST FOOD BURGERY&#8221;<\/strong><\/p>\n\n\n\n<p>W dniach 22-26 marca 2022 r. po raz ostatni uczniowie szko\u0142y bran\u017cowej uczestniczyli w warsztatach gastronomicznych w ramach projektu \u201eModernizacja kszta\u0142cenia zawodowego w Mie\u015bcie Zielona G\u00f3ra.<br>Pod czujnym okiem mistrza &#8211; kucharza, \u0141ukasza \u015amigielskiego, poznawali\u015bmy technologiczny proces wytwarzania burger\u00f3w, sos\u00f3w i r\u00f3\u017cnych mi\u0119snych, wegetaria\u0144skich oraz wega\u0144skich przystawek.<br>By\u0142 to bardzo inspiruj\u0105cy i fantastycznie sp\u0119dzony czas w przyjaznym dla uczni\u00f3w Studio Kulinarnym Look&amp;Cook. Wiedz\u0119 zdobyt\u0105 podczas tych warsztat\u00f3w uczniowie na pewno wykorzystaj\u0105 w swojej niedalekiej pracy zawodowej, a wcze\u015bniej mog\u0105 &#8222;b\u0142ysn\u0105\u0107&#8221; w domu.<\/p>\n\n\n\n<figure class=\"wp-block-gallery has-nested-images columns-default is-cropped wp-block-gallery-1 is-layout-flex wp-block-gallery-is-layout-flex\">\n<figure class=\"wp-block-image size-large\"><a href=\"https:\/\/www.zss1.strefa.pl\/wpress\/wp-content\/uploads\/2022\/05\/1.jpg\"><img loading=\"lazy\" decoding=\"async\" width=\"1638\" height=\"2048\" data-id=\"15455\" src=\"https:\/\/www.zss1.strefa.pl\/wpress\/wp-content\/uploads\/2022\/05\/1.jpg\" alt=\"\" class=\"wp-image-15455\" srcset=\"https:\/\/www.zss1.strefa.pl\/wpress\/wp-content\/uploads\/2022\/05\/1.jpg 1638w, https:\/\/www.zss1.strefa.pl\/wpress\/wp-content\/uploads\/2022\/05\/1-240x300.jpg 240w, https:\/\/www.zss1.strefa.pl\/wpress\/wp-content\/uploads\/2022\/05\/1-819x1024.jpg 819w, https:\/\/www.zss1.strefa.pl\/wpress\/wp-content\/uploads\/2022\/05\/1-768x960.jpg 768w, https:\/\/www.zss1.strefa.pl\/wpress\/wp-content\/uploads\/2022\/05\/1-1229x1536.jpg 1229w, https:\/\/www.zss1.strefa.pl\/wpress\/wp-content\/uploads\/2022\/05\/1-216x270.jpg 216w\" sizes=\"auto, (max-width: 1638px) 100vw, 1638px\" \/><\/a><\/figure>\n\n\n\n<figure class=\"wp-block-image size-large\"><a href=\"https:\/\/www.zss1.strefa.pl\/wpress\/wp-content\/uploads\/2022\/05\/2.jpg\"><img loading=\"lazy\" decoding=\"async\" width=\"1638\" height=\"2048\" data-id=\"15456\" src=\"https:\/\/www.zss1.strefa.pl\/wpress\/wp-content\/uploads\/2022\/05\/2.jpg\" alt=\"\" class=\"wp-image-15456\" srcset=\"https:\/\/www.zss1.strefa.pl\/wpress\/wp-content\/uploads\/2022\/05\/2.jpg 1638w, https:\/\/www.zss1.strefa.pl\/wpress\/wp-content\/uploads\/2022\/05\/2-240x300.jpg 240w, https:\/\/www.zss1.strefa.pl\/wpress\/wp-content\/uploads\/2022\/05\/2-819x1024.jpg 819w, https:\/\/www.zss1.strefa.pl\/wpress\/wp-content\/uploads\/2022\/05\/2-768x960.jpg 768w, https:\/\/www.zss1.strefa.pl\/wpress\/wp-content\/uploads\/2022\/05\/2-1229x1536.jpg 1229w, https:\/\/www.zss1.strefa.pl\/wpress\/wp-content\/uploads\/2022\/05\/2-216x270.jpg 216w\" sizes=\"auto, (max-width: 1638px) 100vw, 1638px\" \/><\/a><\/figure>\n\n\n\n<figure class=\"wp-block-image size-large\"><a href=\"https:\/\/www.zss1.strefa.pl\/wpress\/wp-content\/uploads\/2022\/05\/3.jpg\"><img loading=\"lazy\" decoding=\"async\" width=\"1638\" height=\"2048\" data-id=\"15457\" src=\"https:\/\/www.zss1.strefa.pl\/wpress\/wp-content\/uploads\/2022\/05\/3.jpg\" alt=\"\" class=\"wp-image-15457\" srcset=\"https:\/\/www.zss1.strefa.pl\/wpress\/wp-content\/uploads\/2022\/05\/3.jpg 1638w, https:\/\/www.zss1.strefa.pl\/wpress\/wp-content\/uploads\/2022\/05\/3-240x300.jpg 240w, https:\/\/www.zss1.strefa.pl\/wpress\/wp-content\/uploads\/2022\/05\/3-819x1024.jpg 819w, https:\/\/www.zss1.strefa.pl\/wpress\/wp-content\/uploads\/2022\/05\/3-768x960.jpg 768w, https:\/\/www.zss1.strefa.pl\/wpress\/wp-content\/uploads\/2022\/05\/3-1229x1536.jpg 1229w, https:\/\/www.zss1.strefa.pl\/wpress\/wp-content\/uploads\/2022\/05\/3-216x270.jpg 216w\" sizes=\"auto, (max-width: 1638px) 100vw, 1638px\" \/><\/a><\/figure>\n\n\n\n<figure class=\"wp-block-image size-large\"><a href=\"https:\/\/www.zss1.strefa.pl\/wpress\/wp-content\/uploads\/2022\/05\/4.jpg\"><img loading=\"lazy\" decoding=\"async\" width=\"1638\" height=\"2048\" data-id=\"15458\" src=\"https:\/\/www.zss1.strefa.pl\/wpress\/wp-content\/uploads\/2022\/05\/4.jpg\" alt=\"\" class=\"wp-image-15458\" srcset=\"https:\/\/www.zss1.strefa.pl\/wpress\/wp-content\/uploads\/2022\/05\/4.jpg 1638w, https:\/\/www.zss1.strefa.pl\/wpress\/wp-content\/uploads\/2022\/05\/4-240x300.jpg 240w, https:\/\/www.zss1.strefa.pl\/wpress\/wp-content\/uploads\/2022\/05\/4-819x1024.jpg 819w, https:\/\/www.zss1.strefa.pl\/wpress\/wp-content\/uploads\/2022\/05\/4-768x960.jpg 768w, https:\/\/www.zss1.strefa.pl\/wpress\/wp-content\/uploads\/2022\/05\/4-1229x1536.jpg 1229w, https:\/\/www.zss1.strefa.pl\/wpress\/wp-content\/uploads\/2022\/05\/4-216x270.jpg 216w\" sizes=\"auto, (max-width: 1638px) 100vw, 1638px\" \/><\/a><\/figure>\n\n\n\n<figure class=\"wp-block-image size-large\"><a href=\"https:\/\/www.zss1.strefa.pl\/wpress\/wp-content\/uploads\/2022\/05\/5.jpg\"><img loading=\"lazy\" decoding=\"async\" width=\"1638\" height=\"2048\" data-id=\"15459\" src=\"https:\/\/www.zss1.strefa.pl\/wpress\/wp-content\/uploads\/2022\/05\/5.jpg\" alt=\"\" class=\"wp-image-15459\" srcset=\"https:\/\/www.zss1.strefa.pl\/wpress\/wp-content\/uploads\/2022\/05\/5.jpg 1638w, https:\/\/www.zss1.strefa.pl\/wpress\/wp-content\/uploads\/2022\/05\/5-240x300.jpg 240w, https:\/\/www.zss1.strefa.pl\/wpress\/wp-content\/uploads\/2022\/05\/5-819x1024.jpg 819w, https:\/\/www.zss1.strefa.pl\/wpress\/wp-content\/uploads\/2022\/05\/5-768x960.jpg 768w, https:\/\/www.zss1.strefa.pl\/wpress\/wp-content\/uploads\/2022\/05\/5-1229x1536.jpg 1229w, https:\/\/www.zss1.strefa.pl\/wpress\/wp-content\/uploads\/2022\/05\/5-216x270.jpg 216w\" sizes=\"auto, (max-width: 1638px) 100vw, 1638px\" \/><\/a><\/figure>\n\n\n\n<figure class=\"wp-block-image size-large\"><a href=\"https:\/\/www.zss1.strefa.pl\/wpress\/wp-content\/uploads\/2022\/05\/6.jpg\"><img loading=\"lazy\" decoding=\"async\" width=\"1638\" height=\"2048\" data-id=\"15460\" src=\"https:\/\/www.zss1.strefa.pl\/wpress\/wp-content\/uploads\/2022\/05\/6.jpg\" alt=\"\" class=\"wp-image-15460\" srcset=\"https:\/\/www.zss1.strefa.pl\/wpress\/wp-content\/uploads\/2022\/05\/6.jpg 1638w, https:\/\/www.zss1.strefa.pl\/wpress\/wp-content\/uploads\/2022\/05\/6-240x300.jpg 240w, https:\/\/www.zss1.strefa.pl\/wpress\/wp-content\/uploads\/2022\/05\/6-819x1024.jpg 819w, https:\/\/www.zss1.strefa.pl\/wpress\/wp-content\/uploads\/2022\/05\/6-768x960.jpg 768w, https:\/\/www.zss1.strefa.pl\/wpress\/wp-content\/uploads\/2022\/05\/6-1229x1536.jpg 1229w, https:\/\/www.zss1.strefa.pl\/wpress\/wp-content\/uploads\/2022\/05\/6-216x270.jpg 216w\" sizes=\"auto, (max-width: 1638px) 100vw, 1638px\" \/><\/a><\/figure>\n<\/figure>\n\n\n\n<p class=\"has-text-align-center has-black-color has-green-background-color has-text-color has-background has-large-font-size\"><strong>KONKURS ZAWODOZNAWCZY &#8211; V EDYCJA <br>&#8222;MOJA SZKO\u0141A &#8211; M\u00d3J ZAW\u00d3D&#8221;<\/strong><\/p>\n\n\n\n<p class=\"has-black-color has-text-color\">Uczennice Bran\u017cowej Szko\u0142y I stopnia: Klaudia Daszkowska oraz Wiktoria Kozie\u0142 wzi\u0119\u0142y udzia\u0142 w konkursie zawodoznawczym pn. &#8222;Moja szko\u0142a &#8211; m\u00f3j zaw\u00f3d&#8221;, kt\u00f3rego organizatorem by\u0142o Powiatowe Centrum Doradztwa Zawodowego.<br>Uczennice przygotowa\u0142y prezentacj\u0119 multimedialn\u0105, w kt\u00f3rej promowa\u0142y nauk\u0119 zawodu kucharza w naszej szkole.<br>Na kilkunastu slajdach przedstawi\u0142y ofert\u0119 nauki, zaprezentowa\u0142y walory szko\u0142y oraz zach\u0119ci\u0142y m\u0142odzie\u017c z niepe\u0142nosprawno\u015bciami do podj\u0119cia kszta\u0142cenia w ZSS 1.<\/p>\n\n\n\n<div class=\"wp-block-image\"><figure class=\"aligncenter size-large is-resized\"><a href=\"https:\/\/www.zss1.strefa.pl\/wpress\/wp-content\/uploads\/2021\/10\/KOnkurs.jpg\"><img loading=\"lazy\" decoding=\"async\" src=\"https:\/\/www.zss1.strefa.pl\/wpress\/wp-content\/uploads\/2021\/10\/KOnkurs-1024x576.jpg\" alt=\"\" class=\"wp-image-14676\" width=\"666\" height=\"374\" srcset=\"https:\/\/www.zss1.strefa.pl\/wpress\/wp-content\/uploads\/2021\/10\/KOnkurs-1024x576.jpg 1024w, https:\/\/www.zss1.strefa.pl\/wpress\/wp-content\/uploads\/2021\/10\/KOnkurs-300x169.jpg 300w, https:\/\/www.zss1.strefa.pl\/wpress\/wp-content\/uploads\/2021\/10\/KOnkurs-768x432.jpg 768w, https:\/\/www.zss1.strefa.pl\/wpress\/wp-content\/uploads\/2021\/10\/KOnkurs-1536x864.jpg 1536w, https:\/\/www.zss1.strefa.pl\/wpress\/wp-content\/uploads\/2021\/10\/KOnkurs-360x203.jpg 360w, https:\/\/www.zss1.strefa.pl\/wpress\/wp-content\/uploads\/2021\/10\/KOnkurs.jpg 1600w\" sizes=\"auto, (max-width: 666px) 100vw, 666px\" \/><\/a><\/figure><\/div>\n\n\n\n<p>Praca zosta\u0142a wykonana pod kierunkiem nauczycielki, S\u0142awomiry Daleckiej.<\/p>\n\n\n\n<p class=\"has-text-align-center has-black-color has-dark-yellow-background-color has-text-color has-background\" style=\"font-size:33px\"><strong>Dzia\u0142ania w I p\u00f3\u0142roczu 2021 roku<\/strong><\/p>\n\n\n\n<p class=\"has-text-align-center has-red-color has-light-gray-background-color has-text-color has-background\">Od 28 czerwca 2021r. uczennice Bran\u017cowej Szko\u0142y I stopnia w ZSS1 w Zielonej G\u00f3rze rozpoczynaj\u0105 sta\u017ce zawodowe.<br> Przez miesi\u0105c wakacji b\u0119d\u0105 szkoli\u0107 si\u0119 w profesjonalnej kuchni zielonog\u00f3rskiej restauracji &#8222;Pod Schodami&#8221;, dzi\u0119ki czemu u\u0142atwione b\u0119d\u0105 mia\u0142y rozpocz\u0119cie kariery zawodowej po&nbsp;zako\u0144czeniu nauki w&nbsp;szkole.<br>Uczennicom \u017cyczymy powodzenia!!!<\/p>\n\n\n\n<p class=\"has-black-color has-text-color\">Pomimo trudnego czasu pandemicznego i wielu ogranicze\u0144 z tym zwi\u0105zanych, uda\u0142o nam si\u0119 zrealizowa\u0107 zadania zaplanowane dla uczestnik\u00f3w projektu naszej szko\u0142y.<\/p>\n\n\n\n<ol class=\"has-black-color has-text-color wp-block-list\"><li>Szkolenia dla nauczycieli.<br>W lutym i marcu 2021r. trzy nauczycielki przedmiot\u00f3w zawodowych z naszej szko\u0142y bra\u0142y udzia\u0142 w warsztatach gastronomicznych, podwy\u017cszaj\u0105cych ich kwalifikacje. By\u0142y to: kuchnie \u015bwiata, burgery, dekoracje i cukiernictwo, Fast Food oraz warsztaty gastronomiczne &#8211; mi\u0119sno \u2013 masarnicze. W ci\u0105gu 83 godzin szkole\u0144 nauczycielki doskonali\u0142y praktyczne umiej\u0119tno\u015bci zastosowania wiedzy teoretycznej, zapozna\u0142y si\u0119 z urz\u0105dzeniami, narz\u0119dziami i innym sprz\u0119tem technicznym stosowanym w procesach produkcyjnych oraz zdoby\u0142y nowe do\u015bwiadczenia zawodowe zwi\u0105zane z zawodem, kt\u00f3rego ucz\u0105.<br>Miejscem szkole\u0144 by\u0142 Lubuski O\u015brodek Innowacji i Wdro\u017ce\u0144 Agrotechnicznych Sp. z o.o. w Kalsku.<\/li><\/ol>\n\n\n\n<div class=\"wp-block-image\"><figure class=\"aligncenter size-large\"><a href=\"https:\/\/www.zss1.strefa.pl\/wpress\/wp-content\/uploads\/2021\/06\/image-4.png\"><img loading=\"lazy\" decoding=\"async\" width=\"351\" height=\"263\" src=\"https:\/\/www.zss1.strefa.pl\/wpress\/wp-content\/uploads\/2021\/06\/image-4.png\" alt=\"\" class=\"wp-image-14448\" srcset=\"https:\/\/www.zss1.strefa.pl\/wpress\/wp-content\/uploads\/2021\/06\/image-4.png 351w, https:\/\/www.zss1.strefa.pl\/wpress\/wp-content\/uploads\/2021\/06\/image-4-300x225.png 300w\" sizes=\"auto, (max-width: 351px) 100vw, 351px\" \/><\/a><\/figure><\/div>\n\n\n\n<p class=\"has-light-blue-color has-text-color\">2. Warsztaty Fast Food dla uczni\u00f3w.<br>W dniach 12-14 marca 2021r. 10 uczni\u00f3w ZSS 1 bra\u0142o udzia\u0142 w warsztatach zorganizowanych przez Studio Kulinarne Look&amp;Cook w Zielonej G\u00f3rze. Zaj\u0119cia prowadzi\u0142 kucharz z wieloletnim do\u015bwiadczeniem i praktyk\u0105 w renomowanych kuchniach w Polsce i poza jej granicami, a tematem szkolenia by\u0142 Fast Food.<br>W przeciwie\u0144stwie do tradycyjnego po\u017cywienia szybko przygotowywanego i serwowanego na poczekaniu, na og\u00f3\u0142 taniego, dania kt\u00f3re przygotowywali nasi uczniowie, zawiera\u0142y cenne dla organizmu substancje &#8211; b\u0142onnik, witaminy i minera\u0142y. <br>Oto kilka zd\u0119\u0107 z warsztat\u00f3w:<\/p>\n\n\n\n<figure class=\"wp-block-gallery has-nested-images columns-default is-cropped wp-block-gallery-2 is-layout-flex wp-block-gallery-is-layout-flex\">\n<figure class=\"wp-block-image size-large\"><a href=\"https:\/\/www.zss1.strefa.pl\/wpress\/wp-content\/uploads\/2021\/06\/5-1-scaled.jpg\"><img loading=\"lazy\" decoding=\"async\" width=\"768\" height=\"1024\" data-id=\"14455\" src=\"https:\/\/www.zss1.strefa.pl\/wpress\/wp-content\/uploads\/2021\/06\/5-1-768x1024.jpg\" alt=\"\" class=\"wp-image-14455\" srcset=\"https:\/\/www.zss1.strefa.pl\/wpress\/wp-content\/uploads\/2021\/06\/5-1-768x1024.jpg 768w, https:\/\/www.zss1.strefa.pl\/wpress\/wp-content\/uploads\/2021\/06\/5-1-225x300.jpg 225w, https:\/\/www.zss1.strefa.pl\/wpress\/wp-content\/uploads\/2021\/06\/5-1-1152x1536.jpg 1152w, https:\/\/www.zss1.strefa.pl\/wpress\/wp-content\/uploads\/2021\/06\/5-1-1536x2048.jpg 1536w, https:\/\/www.zss1.strefa.pl\/wpress\/wp-content\/uploads\/2021\/06\/5-1-203x270.jpg 203w, https:\/\/www.zss1.strefa.pl\/wpress\/wp-content\/uploads\/2021\/06\/5-1-scaled.jpg 1920w\" sizes=\"auto, (max-width: 768px) 100vw, 768px\" \/><\/a><\/figure>\n\n\n\n<figure class=\"wp-block-image size-large\"><a href=\"https:\/\/www.zss1.strefa.pl\/wpress\/wp-content\/uploads\/2021\/06\/4-1-scaled.jpg\"><img loading=\"lazy\" decoding=\"async\" width=\"768\" height=\"1024\" data-id=\"14454\" src=\"https:\/\/www.zss1.strefa.pl\/wpress\/wp-content\/uploads\/2021\/06\/4-1-768x1024.jpg\" alt=\"\" class=\"wp-image-14454\" srcset=\"https:\/\/www.zss1.strefa.pl\/wpress\/wp-content\/uploads\/2021\/06\/4-1-768x1024.jpg 768w, https:\/\/www.zss1.strefa.pl\/wpress\/wp-content\/uploads\/2021\/06\/4-1-225x300.jpg 225w, https:\/\/www.zss1.strefa.pl\/wpress\/wp-content\/uploads\/2021\/06\/4-1-1152x1536.jpg 1152w, https:\/\/www.zss1.strefa.pl\/wpress\/wp-content\/uploads\/2021\/06\/4-1-1536x2048.jpg 1536w, https:\/\/www.zss1.strefa.pl\/wpress\/wp-content\/uploads\/2021\/06\/4-1-203x270.jpg 203w, https:\/\/www.zss1.strefa.pl\/wpress\/wp-content\/uploads\/2021\/06\/4-1-scaled.jpg 1920w\" sizes=\"auto, (max-width: 768px) 100vw, 768px\" \/><\/a><\/figure>\n\n\n\n<figure class=\"wp-block-image size-large\"><a href=\"https:\/\/www.zss1.strefa.pl\/wpress\/wp-content\/uploads\/2021\/06\/3-1-scaled.jpg\"><img loading=\"lazy\" decoding=\"async\" width=\"768\" height=\"1024\" data-id=\"14453\" src=\"https:\/\/www.zss1.strefa.pl\/wpress\/wp-content\/uploads\/2021\/06\/3-1-768x1024.jpg\" alt=\"\" class=\"wp-image-14453\" srcset=\"https:\/\/www.zss1.strefa.pl\/wpress\/wp-content\/uploads\/2021\/06\/3-1-768x1024.jpg 768w, https:\/\/www.zss1.strefa.pl\/wpress\/wp-content\/uploads\/2021\/06\/3-1-225x300.jpg 225w, https:\/\/www.zss1.strefa.pl\/wpress\/wp-content\/uploads\/2021\/06\/3-1-1152x1536.jpg 1152w, https:\/\/www.zss1.strefa.pl\/wpress\/wp-content\/uploads\/2021\/06\/3-1-1536x2048.jpg 1536w, https:\/\/www.zss1.strefa.pl\/wpress\/wp-content\/uploads\/2021\/06\/3-1-203x270.jpg 203w, https:\/\/www.zss1.strefa.pl\/wpress\/wp-content\/uploads\/2021\/06\/3-1-scaled.jpg 1920w\" sizes=\"auto, (max-width: 768px) 100vw, 768px\" \/><\/a><\/figure>\n<\/figure>\n\n\n\n<p class=\"has-sky-blue-color has-text-color\"><\/p>\n\n\n\n<p><\/p>\n\n\n\n<p class=\"has-text-align-center has-black-color has-green-background-color has-text-color has-background has-large-font-size\"><strong>Podsumowanie dzia\u0142a\u0144 projektu w roku 2020<\/strong><\/p>\n\n\n\n<p>2020 to rok, w kt\u00f3rym niespodziewanie przysz\u0142a pandemia Covid-19, przez kt\u00f3r\u0105 to \u015bwiat ca\u0142kowicie stan\u0105\u0142 na g\u0142owie i \u201ewystrzeli\u0142 w kosmos\u201d, je\u015bli chodzi o poziom skomplikowania \u017cycia. <\/p>\n\n\n\n<div class=\"wp-block-image is-style-rounded\"><figure class=\"aligncenter is-resized\"><img loading=\"lazy\" decoding=\"async\" src=\"https:\/\/ithardware.pl\/artykuly\/max\/11590_1.jpg\" alt=\"Koronawirus a rynek elektroniki i jej ceny. Jak radzi sobie bran\u017ca? |  ITHardware\" width=\"209\" height=\"117\" \/><\/figure><\/div>\n\n\n\n<p class=\"has-text-align-center\">Ale to nie jedyne, co pami\u0119ta\u0107 b\u0119dziemy z 2020 roku.<\/p>\n\n\n\n<p> Pomimo wielu przeciwno\u015bci uda\u0142o nam si\u0119 zrealizowa\u0107 zaplanowane wcze\u015bniej zadania: uczestniczy\u0107 w warsztatach mi\u0119sno &#8211; masarniczych oraz w praktykach w restauracji Pod Schodami. <\/p>\n\n\n\n<div class=\"wp-block-group\"><div class=\"wp-block-group__inner-container is-layout-flow wp-block-group-is-layout-flow\">\n<figure class=\"wp-block-gallery has-nested-images columns-default is-cropped wp-block-gallery-3 is-layout-flex wp-block-gallery-is-layout-flex\">\n<figure class=\"wp-block-image size-large\"><a href=\"https:\/\/www.zss1.strefa.pl\/wpress\/wp-content\/uploads\/2021\/01\/looc-1.png\"><img loading=\"lazy\" decoding=\"async\" width=\"249\" height=\"203\" data-id=\"14029\" src=\"https:\/\/www.zss1.strefa.pl\/wpress\/wp-content\/uploads\/2021\/01\/looc-1.png\" alt=\"\" class=\"wp-image-14029\" \/><\/a><\/figure>\n\n\n\n<figure class=\"wp-block-image size-large\"><a href=\"https:\/\/www.zss1.strefa.pl\/wpress\/wp-content\/uploads\/2021\/01\/Pod-Schodami.jpg\"><img loading=\"lazy\" decoding=\"async\" width=\"960\" height=\"662\" data-id=\"14028\" src=\"https:\/\/www.zss1.strefa.pl\/wpress\/wp-content\/uploads\/2021\/01\/Pod-Schodami.jpg\" alt=\"\" class=\"wp-image-14028\" srcset=\"https:\/\/www.zss1.strefa.pl\/wpress\/wp-content\/uploads\/2021\/01\/Pod-Schodami.jpg 960w, https:\/\/www.zss1.strefa.pl\/wpress\/wp-content\/uploads\/2021\/01\/Pod-Schodami-300x207.jpg 300w, https:\/\/www.zss1.strefa.pl\/wpress\/wp-content\/uploads\/2021\/01\/Pod-Schodami-768x530.jpg 768w, https:\/\/www.zss1.strefa.pl\/wpress\/wp-content\/uploads\/2021\/01\/Pod-Schodami-360x248.jpg 360w\" sizes=\"auto, (max-width: 960px) 100vw, 960px\" \/><\/a><\/figure>\n<\/figure>\n<\/div><\/div>\n\n\n\n<p><br>Przygotowali\u015bmy materia\u0142y promocyjne naszej szko\u0142y, kt\u00f3re mia\u0142y by\u0107 wyeksponowane podczas Targ\u00f3w Edukacyjnych. Te niestety w ostatniej chwili zosta\u0142y odwo\u0142ane. <br>Dzi\u0119ki tej wyj\u0105tkowej, pandemicznej sytuacji, mocno ograniczaj\u0105cej nasz\u0105 mobilno\u015b\u0107, byli\u015bmy zmuszeni pozna\u0107 nowoczesne platformy komunikacji zdalnej. I tak, wype\u0142nianie dokument\u00f3w niezb\u0119dnych do przyst\u0105pienia do projektu oraz promocja projektu w\u015br\u00f3d uczni\u00f3w klasy pierwszej i drugiej, odbywa\u0142y si\u0119 podczas indywidualnych rozm\u00f3w oraz kilkuosobowych wideokonferencji prowadzonych na platformach Zoom i Teams. <\/p>\n\n\n\n<div class=\"wp-block-image\"><figure class=\"aligncenter is-resized\"><img loading=\"lazy\" decoding=\"async\" src=\"https:\/\/www.teleaudyt.pl\/wp-content\/uploads\/2019\/07\/microsoft-teams-compliance.compressed.jpg\" alt=\"Teams - Komunikator w pakiecie Office 365. Dlaczego Teams to najlepszy  komunikator dla firm? -\" width=\"371\" height=\"208\" \/><\/figure><\/div>\n\n\n\n<p>Ubieg\u0142y rok by\u0142 czasem wielu rozczarowa\u0144, ale i zdobywania nowych do\u015bwiadcze\u0144.<\/p>\n\n\n\n<p>Wszystkie nasze dzia\u0142ania odbywa\u0142y si\u0119 w re\u017cimie sanitarnym okre\u015blanym przez Ministra Zdrowia.<\/p>\n\n\n\n<p><\/p>\n\n\n\n<p class=\"has-text-align-center has-luminous-vivid-amber-background-color has-background has-large-font-size\"><strong>Praktyki zawodowe <\/strong><br><strong>2020<\/strong>r.<\/p>\n\n\n\n<div class=\"wp-block-image\"><figure class=\"alignright is-resized\"><img loading=\"lazy\" decoding=\"async\" src=\"https:\/\/us.123rf.com\/450wm\/denispc\/denispc1507\/denispc150700061\/42585482-cute-cartoon-children-cooking-chefs.jpg?ver=6\" alt=\"Kucharz Grafika Wektorowa, Clipart\u00f3w I Ilustracji - 123RF\" width=\"320\" height=\"175\" \/><\/figure><\/div>\n\n\n\n<p>Dopiero zako\u0144czy\u0142 si\u0119 rok szkolny 2019\/2020, a uczniowie naszej szko\u0142y podejmuj\u0105 kolejne wyzwanie. <br>W czasie wakacji 3 uczni\u00f3w Bran\u017cowej Szko\u0142y I stopnia w ZSS1 w Zielonej G\u00f3rze b\u0119dzie mia\u0142o mo\u017cliwo\u015b\u0107 wykorzystania zdobytej w trakcie kszta\u0142cenia wiedzy w praktyce. <\/p>\n\n\n\n<p>Od 29 czerwca 2020r. rozpoczynaj\u0105 szlifowa\u0107 swoje gastronomiczne umiej\u0119tno\u015bci pod okiem fachowc\u00f3w &#8211; praktyk\u00f3w w zielonog\u00f3rskiej restauracji Pod Schodami.<\/p>\n\n\n\n<div class=\"wp-block-image\"><figure class=\"aligncenter size-large\"><img loading=\"lazy\" decoding=\"async\" width=\"283\" height=\"195\" src=\"https:\/\/www.zss1.strefa.pl\/wpress\/wp-content\/uploads\/2020\/06\/image-17.png\" alt=\"\" class=\"wp-image-13658\" \/><\/figure><\/div>\n\n\n\n<p>Mo\u017cliwo\u015b\u0107 pracy w firmie funkcjonuj\u0105cej w przestrzeni publicznej wdro\u017cy praktykant\u00f3w w realia wybranego przez siebie zawodu i zwi\u0119kszy ich atrakcyjno\u015b\u0107 na rynku pracy.<\/p>\n\n\n\n<p><\/p>\n\n\n\n<div class=\"wp-block-image is-style-rounded\"><figure class=\"aligncenter size-large is-resized\"><img loading=\"lazy\" decoding=\"async\" src=\"https:\/\/www.zss1.strefa.pl\/wpress\/wp-content\/uploads\/2020\/06\/image-18.png\" alt=\"\" class=\"wp-image-13663\" width=\"176\" height=\"245\" \/><figcaption><strong><span class=\"has-inline-color has-vivid-green-cyan-color\">POWODZENIA!!!<\/span><\/strong><\/figcaption><\/figure><\/div>\n\n\n\n<p class=\"has-text-align-center has-vivid-green-cyan-color has-text-color has-large-font-size\"><\/p>\n\n\n\n<p class=\"has-text-align-center has-vivid-red-color has-pale-cyan-blue-background-color has-text-color has-background has-medium-font-size\"><strong>Warsztaty mi\u0119sno &#8211; masarnicze<\/strong><br>4 czerwca 2020r.<\/p>\n\n\n\n<figure class=\"wp-block-image size-large\"><img loading=\"lazy\" decoding=\"async\" width=\"1024\" height=\"498\" src=\"https:\/\/www.zss1.strefa.pl\/wpress\/wp-content\/uploads\/2020\/06\/image-12-1024x498.png\" alt=\"\" class=\"wp-image-13635\" srcset=\"https:\/\/www.zss1.strefa.pl\/wpress\/wp-content\/uploads\/2020\/06\/image-12-1024x498.png 1024w, https:\/\/www.zss1.strefa.pl\/wpress\/wp-content\/uploads\/2020\/06\/image-12-300x146.png 300w, https:\/\/www.zss1.strefa.pl\/wpress\/wp-content\/uploads\/2020\/06\/image-12-768x373.png 768w, https:\/\/www.zss1.strefa.pl\/wpress\/wp-content\/uploads\/2020\/06\/image-12-360x175.png 360w, https:\/\/www.zss1.strefa.pl\/wpress\/wp-content\/uploads\/2020\/06\/image-12.png 1316w\" sizes=\"auto, (max-width: 1024px) 100vw, 1024px\" \/><\/figure>\n\n\n\n<p>4 czerwca 2020r. 10 uczni\u00f3w Bran\u017cowej Szko\u0142y I stopnia z ZSS nr 1 <br>w Zielonej G\u00f3rze bra\u0142o udzia\u0142 w warsztatach mi\u0119sno \u2013 masarniczych. Podczas szkolenia adepci sztuki kulinarnej uczyli si\u0119 rozbiera\u0107 p\u00f3\u0142tusz\u0119 wieprzow\u0105 na elementy oraz dzieli\u0107 i luzowa\u0107 dr\u00f3b. Z uzyskanego mi\u0119sa wytwarzano: bia\u0142\u0105 kie\u0142bas\u0119, rolady, kie\u0142basy s\u0142oikowe, pasztet, smalec i smarowid\u0142o do chleba. Poznano spos\u00f3b wykorzystania pozosta\u0142o\u015bci po rozbiorze p\u00f3\u0142tuszy i drobiu: przygotowano wywar mi\u0119sny oraz bulion drobiowy.<\/p>\n\n\n\n<p class=\"has-text-align-center has-vivid-purple-color has-very-light-gray-background-color has-text-color has-background\"><strong>Szkolenie wszystkim bardzo si\u0119 podoba\u0142o.<\/strong><br>Uczniowie nabyli nowe kwalifikacje i kompetencje zawodowe, kt\u00f3re potwierdzone zosta\u0142y otrzymanymi za\u015bwiadczeniami.<\/p>\n\n\n\n<p><strong>Poni\u017cej kr\u00f3tki film przedstawiaj\u0105cy uczni\u00f3w podczas pracy:<\/strong><\/p>\n\n\n\n<p class=\"has-text-align-center\"><a href=\"https:\/\/www.facebook.com\/lookandcookzg\/videos\/583163172597471\/\" target=\"_blank\" rel=\"noreferrer noopener\">https:\/\/www.facebook.com\/lookandcookzg\/videos\/583163172597471\/<\/a><\/p>\n\n\n\n<div class=\"wp-block-image\"><figure class=\"aligncenter size-large is-resized\"><img loading=\"lazy\" decoding=\"async\" src=\"https:\/\/www.zss1.strefa.pl\/wpress\/wp-content\/uploads\/2020\/06\/image-16.png\" alt=\"\" class=\"wp-image-13645\" width=\"143\" height=\"117\" \/><figcaption><strong>Organizator warsztat\u00f3w <\/strong><\/figcaption><\/figure><\/div>\n\n\n\n<p class=\"has-text-align-center has-background\" style=\"background-color:#f8dae2\"><strong>Konferencja<br> <em>\u201eMi\u0119dzy szko\u0142\u0105 a rynkiem pracy<br> &nbsp;\u2013 rola doradcy zawodowego w kszta\u0142towaniu pracownika Jutra<\/em>\u201d <\/strong><\/p>\n\n\n\n<div class=\"wp-block-image\"><figure class=\"aligncenter size-large\"><img loading=\"lazy\" decoding=\"async\" width=\"155\" height=\"217\" src=\"https:\/\/www.zss1.strefa.pl\/wpress\/wp-content\/uploads\/2019\/11\/getattachmid104758mpid3min1uid36efeeb2fc5f38f1.jpg\" alt=\"\" class=\"wp-image-5418\" \/><\/figure><\/div>\n\n\n\n<p>21 listopada 2019 r. w auli&nbsp;M\u0142odzie\u017cowego Centrum Kultury i Edukacji&nbsp;<em>\u2018\u2019Dom Harcerza\u2019\u2019<\/em>&nbsp;w\nZielonej G\u00f3rze w ramach projektu&nbsp;<em>\u2018\u2019Modernizacja kszta\u0142cenia zawodowego\nw Mie\u015bcie Zielona G\u00f3ra \u2013 projekty realizowane poza formu\u0142\u0105 ZIT\u2019\u2019 odby\u0142a si\u0119 II\nedycja <\/em>konferencji <em>\u201eMi\u0119dzy szko\u0142\u0105 a rynkiem pracy \u2013 rola doradcy\nzawodowego w kszta\u0142towaniu pracownika Jutra<\/em>\u201d. <br>\nKonferencja by\u0142a okazj\u0105 do przyjrzenia si\u0119 teorii szcz\u0119\u015bliwych zbieg\u00f3w\nokoliczno\u015bci Johna Krumboltza, poznania interaktywnych narz\u0119dzi przydatnych w\ncodziennej pracy doradcy zawodowego oraz analizy wyobra\u017cenia o karierze\nzawodowej na przestrzeni lat.<br>\nPodczas konferencji odby\u0142a si\u0119 r\u00f3wnie\u017c uroczysto\u015b\u0107 wr\u0119czenia nagr\u00f3d\nnajlepszym dru\u017cynom z 8 zielonog\u00f3rskich technik\u00f3w i szk\u00f3\u0142 bran\u017cowych I stopnia,\nkt\u00f3re bra\u0142y udzia\u0142 w III edycji konkursu zawodoznawczego <em>\u201eZawody przysz\u0142o\u015bci\u201d<\/em>, organizowanego w ramach projektu unijnego: <em>\u201eModernizacja kszta\u0142cenia zawodowego w\nMie\u015bcie Zielona G\u00f3ra \u2013 projekty realizowane poza formu\u0142\u0105 ZIT\u201d<\/em>.<br>\nNa konferencji nasz\u0105 szko\u0142\u0119 reprezentowa\u0142y: p. Dorota\nAissaoui \u2013 szkolny doradca zawodowy oraz p. S\u0142awomira Dalecka \u2013 szkolny koordynator\nprojektu\nunijnego: <em>\u201eModernizacja kszta\u0142cenia\nzawodowego w Mie\u015bcie Zielona G\u00f3ra \u2013 projekty realizowane poza formu\u0142\u0105 ZIT\u201d<\/em>.<\/p>\n\n\n\n<p class=\"has-text-align-center\"><strong> PIERWSZE \u201eKOTY ZA P\u0141OTY\u201d<br> w Konkursie Zawodoznawczym <em>\u201eZawody przysz\u0142o\u015bci\u201d<\/em><\/strong><\/p>\n\n\n\n<figure class=\"wp-block-image size-large is-resized\"><img loading=\"lazy\" decoding=\"async\" src=\"https:\/\/www.zss1.strefa.pl\/wpress\/wp-content\/uploads\/2019\/11\/Konkurs-zawodoznawczy_foto-grupowe-1-1024x768.jpg\" alt=\"\" class=\"wp-image-5415\" width=\"417\" height=\"313\" srcset=\"https:\/\/www.zss1.strefa.pl\/wpress\/wp-content\/uploads\/2019\/11\/Konkurs-zawodoznawczy_foto-grupowe-1-1024x768.jpg 1024w, https:\/\/www.zss1.strefa.pl\/wpress\/wp-content\/uploads\/2019\/11\/Konkurs-zawodoznawczy_foto-grupowe-1-300x225.jpg 300w, https:\/\/www.zss1.strefa.pl\/wpress\/wp-content\/uploads\/2019\/11\/Konkurs-zawodoznawczy_foto-grupowe-1-768x576.jpg 768w, https:\/\/www.zss1.strefa.pl\/wpress\/wp-content\/uploads\/2019\/11\/Konkurs-zawodoznawczy_foto-grupowe-1-1536x1152.jpg 1536w, https:\/\/www.zss1.strefa.pl\/wpress\/wp-content\/uploads\/2019\/11\/Konkurs-zawodoznawczy_foto-grupowe-1-2048x1536.jpg 2048w, https:\/\/www.zss1.strefa.pl\/wpress\/wp-content\/uploads\/2019\/11\/Konkurs-zawodoznawczy_foto-grupowe-1-360x270.jpg 360w\" sizes=\"auto, (max-width: 417px) 100vw, 417px\" \/><figcaption>Uczestnicy konkursu 2019r.<\/figcaption><\/figure>\n\n\n\n<p>24 pa\u017adziernika 2019r.\ndru\u017cyna uczni\u00f3w naszej szko\u0142y w sk\u0142adzie: Micha\u0142 Gryglicki, Patryk Konieczny,\nDawid Wr\u00f3bel po raz pierwszy wzi\u0119\u0142a udzia\u0142 w III edycji konkursu\nzawodoznawczego, organizowanego w ramach projektu unijnego: <em>\u201eModernizacja kszta\u0142cenia zawodowego w\nMie\u015bcie Zielona G\u00f3ra \u2013 projekty realizowane poza formu\u0142\u0105 ZIT\u201d<\/em>. Opiekunem\nnaszej ekipy by\u0142a nauczycielka przedmiot\u00f3w zawodowych, p. Barbara Turska.<\/p>\n\n\n\n<p>Konkurs mia\u0142 charakter\ndru\u017cynowej gry terenowej. W czasie 180 minut uczniowie musieli pokona\u0107 na\npieszo 5-kilometrow\u0105 tras\u0119, na kt\u00f3rej wyznaczono 5 punkt\u00f3w kontrolnych,\nzlokalizowanych na terenie: banku BNP Paribnas Polska S.A, firmy Lumel S.A.,\nagencji rekrutacji Idea HR Group, Wojskowej Komisji Uzupe\u0142nie\u0144 oraz\nWojew\u00f3dzkiego Urz\u0119du Pracy.<\/p>\n\n\n\n<p>W ka\u017cdym z punkt\u00f3w kontrolnych nale\u017ca\u0142o wykona\u0107 przygotowane zadania,\nkt\u00f3re ukierunkowane by\u0142y na rosn\u0105c\u0105 rol\u0119 kompetencji, takich jak: umiej\u0119tno\u015b\u0107\nwyszukiwania i analizowania informacji, kreatywno\u015b\u0107, komunikatywno\u015b\u0107, umiej\u0119tno\u015b\u0107\npracy w zespole czy zdolno\u015b\u0107 do autoprezentacji.<\/p>\n\n\n\n<p>W\u015br\u00f3d 8 startuj\u0105cych dru\u017cyn najlepsi okazali si\u0119 uczniowie reprezentuj\u0105cy\nZesp\u00f3\u0142 Szk\u00f3\u0142 i Plac\u00f3wek Kszta\u0142cenia Zawodowego, Centrum Kszta\u0142cenia Zawodowego\ni Ustawicznego nr 3 \u201eEkonomik\u201d oraz Zesp\u00f3\u0142 Szk\u00f3\u0142 Zawodowych PBO.<\/p>\n\n\n\n<p>Nam si\u0119 w tym roku nie uda\u0142o wygra\u0107, ale walczyli\u015bmy\ndzielnie.<\/p>\n\n\n\n<h2 class=\"wp-block-heading\">Praktyki zawodowe 2019<\/h2>\n\n\n\n<p>Podczas wakacji 2019r. 8 naszych uczni\u00f3w odbywa\u0142o praktyki zawodowe u zielonog\u00f3rskich pracodawc\u00f3w &#8211; 4 z nich pracowa\u0142o w &#8222;Palmiarni&#8221;,  4 w restauracji &#8222;Pod Schodami&#8221;. Podczas pracy w profesjonalnych zespo\u0142ach i rzeczywistych warunkach pracy adepci kucharscy mogli zastosowa\u0107 i pog\u0142\u0119bi\u0107 zdobyt\u0105 w szkole wiedz\u0119 oraz umiej\u0119tno\u015bci zawodowe. Praca w\u015br\u00f3d kulinarnych fachowc\u00f3w by\u0142a dla naszych uczni\u00f3w wielkim prze\u017cyciem, kt\u00f3re zostanie w ich pami\u0119ci na d\u0142ugi czas. <\/p>\n\n\n\n<div class=\"wp-block-image\"><figure class=\"aligncenter is-resized\"><img loading=\"lazy\" decoding=\"async\" src=\"https:\/\/www.zss1.strefa.pl\/wpress\/wp-content\/uploads\/2019\/09\/IMG_20190711_145815-1-225x300.jpg\" alt=\"Praktyki w Palmiarni\" class=\"wp-image-4932\" width=\"277\" height=\"370\" srcset=\"https:\/\/www.zss1.strefa.pl\/wpress\/wp-content\/uploads\/2019\/09\/IMG_20190711_145815-1-225x300.jpg 225w, https:\/\/www.zss1.strefa.pl\/wpress\/wp-content\/uploads\/2019\/09\/IMG_20190711_145815-1-768x1024.jpg 768w, https:\/\/www.zss1.strefa.pl\/wpress\/wp-content\/uploads\/2019\/09\/IMG_20190711_145815-1-203x270.jpg 203w\" sizes=\"auto, (max-width: 277px) 100vw, 277px\" \/><figcaption>Praktyki w Palmiarni<\/figcaption><\/figure><\/div>\n\n\n\n<div class=\"wp-block-image\"><figure class=\"aligncenter is-resized\"><img loading=\"lazy\" decoding=\"async\" src=\"https:\/\/www.zss1.strefa.pl\/wpress\/wp-content\/uploads\/2019\/09\/IMG_20190711_145807-1-225x300.jpg\" alt=\"\" class=\"wp-image-4931\" width=\"279\" height=\"372\" srcset=\"https:\/\/www.zss1.strefa.pl\/wpress\/wp-content\/uploads\/2019\/09\/IMG_20190711_145807-1-225x300.jpg 225w, https:\/\/www.zss1.strefa.pl\/wpress\/wp-content\/uploads\/2019\/09\/IMG_20190711_145807-1-768x1024.jpg 768w, https:\/\/www.zss1.strefa.pl\/wpress\/wp-content\/uploads\/2019\/09\/IMG_20190711_145807-1-203x270.jpg 203w\" sizes=\"auto, (max-width: 279px) 100vw, 279px\" \/><figcaption>Praktyki w Palmiarni<\/figcaption><\/figure><\/div>\n\n\n\n<h2 class=\"wp-block-heading\">Warsztaty SLOW FOOD dla nauczycieli<\/h2>\n\n\n\n<p>To si\u0119 porobi\u0142o!!! Nasi nauczyciele w roli uczni\u00f3w! <\/p>\n\n\n\n<p>16 i 17 kwietnia 2 nauczycieli zawodu uczestniczy\u0142o w warsztatach SLOW FOOD. Pod okiem znanego kucharza, Macieja Ostrowskiego, pobierali nauki o przygotowywaniu posi\u0142k\u00f3w z naturalnych sk\u0142adnik\u00f3w, bez sztucznych dodatk\u00f3w.  <br>To \u017cywno\u015b\u0107 urozmaicona, kolorowa, pachn\u0105ca, kt\u00f3r\u0105 zjadamy bez po\u015bpiechu, delektuj\u0105c si\u0119 niepowtarzalnym smakiem\u2026  <\/p>\n\n\n\n<div class=\"wp-block-image\"><figure class=\"aligncenter is-resized\"><img loading=\"lazy\" decoding=\"async\" src=\"https:\/\/www.zss1.strefa.pl\/wpress\/wp-content\/uploads\/2019\/05\/Zdj\u0119cie-7-498x1024.jpg\" alt=\"\" class=\"wp-image-4719\" width=\"294\" height=\"604\" srcset=\"https:\/\/www.zss1.strefa.pl\/wpress\/wp-content\/uploads\/2019\/05\/Zdj\u0119cie-7-498x1024.jpg 498w, https:\/\/www.zss1.strefa.pl\/wpress\/wp-content\/uploads\/2019\/05\/Zdj\u0119cie-7-146x300.jpg 146w, https:\/\/www.zss1.strefa.pl\/wpress\/wp-content\/uploads\/2019\/05\/Zdj\u0119cie-7-768x1579.jpg 768w, https:\/\/www.zss1.strefa.pl\/wpress\/wp-content\/uploads\/2019\/05\/Zdj\u0119cie-7-655x1346.jpg 655w, https:\/\/www.zss1.strefa.pl\/wpress\/wp-content\/uploads\/2019\/05\/Zdj\u0119cie-7.jpg 1080w\" sizes=\"auto, (max-width: 294px) 100vw, 294px\" \/><\/figure><\/div>\n\n\n\n<p>Warsztaty SLOW FOOD<\/p>\n\n\n\n<p>23 marca 2019 r. 10 uczni\u00f3w Bran\u017cowej Szko\u0142y I stopnia z ZSS nr 1 w Zielonej G\u00f3rze bra\u0142o udzia\u0142 w warsztatach gastronomicznych SLOW FOOD. Szkolenie prowadzi\u0142 znany lubuski kucharz, \u0141ukasz \u015amigielski.<\/p>\n\n\n\n<figure class=\"wp-block-image\"><img loading=\"lazy\" decoding=\"async\" width=\"1024\" height=\"498\" src=\"https:\/\/www.zss1.strefa.pl\/wpress\/wp-content\/uploads\/2019\/05\/Zdj\u0119cie-14-1-1024x498.jpg\" alt=\"\" class=\"wp-image-4705\" srcset=\"https:\/\/www.zss1.strefa.pl\/wpress\/wp-content\/uploads\/2019\/05\/Zdj\u0119cie-14-1-1024x498.jpg 1024w, https:\/\/www.zss1.strefa.pl\/wpress\/wp-content\/uploads\/2019\/05\/Zdj\u0119cie-14-1-300x146.jpg 300w, https:\/\/www.zss1.strefa.pl\/wpress\/wp-content\/uploads\/2019\/05\/Zdj\u0119cie-14-1-768x373.jpg 768w, https:\/\/www.zss1.strefa.pl\/wpress\/wp-content\/uploads\/2019\/05\/Zdj\u0119cie-14-1-655x318.jpg 655w\" sizes=\"auto, (max-width: 1024px) 100vw, 1024px\" \/><figcaption>Uczestnicy szkolenia z prowadz\u0105cym<\/figcaption><\/figure>\n\n\n\n<p>TARGI EDUKACYJNO &#8211; ZAWODOWE<\/p>\n\n\n\n<p>Podczas II edycji targ\u00f3w edukacyjno-zawodowych realizowanych\nw ramach projektu \u201eModernizacja kszta\u0142cenia zawodowego w Mie\u015bcie Zielona G\u00f3ra \u2013\nprojekty realizowane poza formu\u0142\u0105 ZIT\u201d uczniowie naszej szko\u0142y przedstawili\nm\u0142odzie\u017cy ostatnich klas szk\u00f3\u0142 podstawowych oraz gimnazjalnych aktualn\u0105 ofert\u0119\nedukacyjn\u0105 szko\u0142y. Na przygotowanym stanowisku zaprezentowano specyfik\u0119 nauki i\npracy na kierunku kszta\u0142cenia w zawodzie KUCHARZA. Ciasta i desery przygotowane\nprzez uczni\u00f3w by\u0142y ozdob\u0105 naszego stanowiska. Cz\u0119stowali\u015bmy nimi wszystkich\nodwiedzaj\u0105cych targi. Rozdawali\u015bmy r\u00f3wnie\u017c przygotowane ulotki promuj\u0105ce nasz\u0105\nszko\u0142\u0119.<\/p>\n\n\n\n<figure class=\"wp-block-image\"><img loading=\"lazy\" decoding=\"async\" width=\"724\" height=\"1024\" src=\"https:\/\/www.zss1.strefa.pl\/wpress\/wp-content\/uploads\/2019\/03\/Ulotka-na-targi-1-pdf-724x1024.jpg\" alt=\"\" class=\"wp-image-4354\" \/><figcaption>ULOTKA PROMUJ\u0104CA SZKO\u0141\u0118<\/figcaption><\/figure>\n\n\n<p>Dzisiaj (niedziela, 26 listopada 2017r.) rozpocz\u0119li\u015bmy kolejne szkolenie w&nbsp;w ramach projektu <strong><em>\u201eModernizacja kszta\u0142cenia zawodowego w Mie\u015bcie Zielona G\u00f3ra- projekty realizowane poza formu\u0142\u0105 ZIT<\/em>\u201d.<\/strong><\/p>\n<p>Warsztaty gastronomiczne<strong>&nbsp;&#8222;FAST Food&#8221;&nbsp;<\/strong>wsp\u00f3\u0142finansowane s\u0105 z Europejskiego Funduszu Spo\u0142ecznego realizowanego w ramach Regionalnego Programu Operacyjnego \u2013 Lubuskie 2020, Dzia\u0142anie 8.4<em> Doskonalenie jako\u015bci kszta\u0142cenia zawodowego;<\/em> Poddzia\u0142anie 8.4.1 <em>Doskonalenie jako\u015bci kszta\u0142cenia zawodowego- projekty realizowane poza formu\u0142\u0105 ZIT.<\/em><\/p>\n<p>Po raz kolejny zago\u015bcili\u015bmy w zielonog\u00f3rskim studio kulinarnym Look&amp;Cook, w kt\u00f3rym spotkamy si\u0119 jeszcze &nbsp;dwukrotnie podczas zaj\u0119\u0107 szkoleniowych.<\/p>\n<p><\/p>\n<p>W dniach 2-5 listopada 2017 r. w ramach projektu <strong><em>\u201eModernizacja kszta\u0142cenia zawodowego w Mie\u015bcie Zielona G\u00f3ra- projekty realizowane poza formu\u0142\u0105 ZIT<\/em>\u201d <\/strong>odby\u0142y si\u0119&nbsp;<a href=\"https:\/\/drive.google.com\/drive\/folders\/1uQSWhn-buh_kevGtkj3mThNSnZyrcXaK?usp=sharing\">Warsztaty kulinarne &#8222;Analiza i wytwarzanie \u017cywno\u015bci&nbsp;&#8222;<\/a><\/p>\n<p>Kurs wsp\u00f3\u0142finansowany zosta\u0142 z Europejskiego Funduszu Spo\u0142ecznego realizowanego w ramach Regionalnego Programu Operacyjnego \u2013 Lubuskie 2020, Dzia\u0142anie 8.4<em> Doskonalenie jako\u015bci kszta\u0142cenia zawodowego;<\/em> Poddzia\u0142anie 8.4.1 <em>Doskonalenie jako\u015bci kszta\u0142cenia zawodowego- projekty realizowane poza formu\u0142\u0105 ZIT.<\/em><\/p>\n<p>Zaj\u0119cia dla 10 uczni\u00f3w naszej szko\u0142y przygotowane oraz przeprowadzone zosta\u0142y w Looc&amp;Cook Studio Kulinarne w Zielonej G\u00f3rze. Podczas 4 dniowych zaj\u0119\u0107 m\u0142odzie\u017c pozna\u0142a wiele nowych przepis\u00f3w na potrawy z r\u00f3\u017cnych stron \u015bwiata.<\/p>\n<p>W trakcie Warsztatu kulinarnego nr 1 \u2013 <span style=\"color: #993300\">\u201eJesie\u0144 na talerzu\u201d <\/span>m\u0142odzie\u017c nauczy\u0142a si\u0119 wytwarza\u0107 i podawa\u0107:<\/p>\n<ol>\n<li>Chleb z suszonymi pomidorami i oliwkami<\/li>\n<li>Owsiank\u0119 gruszkowo-imbirow\u0105 oraz czekoladow\u0105<\/li>\n<li>Bulion warzywny \u2013 baz\u0119 dla zup i nie tylko<\/li>\n<li>Zup\u0119 &#8211; krok po kroku jak j\u0105 ugotowa\u0107<\/li>\n<li>Zup\u0119 dyniow\u0105 z imbirem i mlekiem kokosowym<\/li>\n<li>Risotto\/ kaszotto grzybowe<\/li>\n<li>Zapiekank\u0119 z ziemniak\u00f3w, jab\u0142ek i sera ple\u015bniowego<\/li>\n<li>Babeczki dyniowe<\/li>\n<li>Rozgrzewaj\u0105cy nap\u00f3j imbirowy z cytryn\u0105 i miodem<\/li>\n<li>Kompot z jab\u0142ek i gruszek<\/li>\n<\/ol>\n<p>Podczas Warsztatu kulinarnego nr 2 \u2013<span style=\"color: #ff0000\">\u201ePolska klasyka\u201d<\/span> wykonano:<\/p>\n<ol>\n<li>Bu\u0142ki orkiszowe<\/li>\n<li>Past\u0119 jajeczn\u0105<\/li>\n<li>Pasztet z w\u0105tr\u00f3bki<\/li>\n<li>Pasztet wegetaria\u0144ski z ciecierzycy<\/li>\n<li>Ry\u017c z karmelizowanymi jab\u0142kami<\/li>\n<li>Zup\u0119 &#8211; kapu\u015bniak z dw\u00f3ch rodzaj\u00f3w kapusty<\/li>\n<li>Pierogi z r\u00f3\u017cnymi nadzieniami: na s\u0142odko z serem, z ziemniakami, z ricott\u0105 ze szpinakiem<\/li>\n<li>Ciasto marchewkowe<\/li>\n<\/ol>\n<p>Podczas Warsztatu kulinarnego nr 3 \u2013 <span style=\"color: #ff00ff\">\u201eTroch\u0119 egzotyki\u201d<\/span> przygotowano:<\/p>\n<ol>\n<li>Orkiszowe podp\u0142omyki<\/li>\n<li>Past\u0119 z suszonych pomidor\u00f3w<\/li>\n<li>Pietruszkowe pesto<\/li>\n<li>Budy\u0144 jaglany z karmelizowanymi w miodzie jab\u0142kiem i gruszk\u0105, czekoladowy z bakaliami<\/li>\n<li>Maroka\u0144ska harira<\/li>\n<li>Klopsiki z indyka<\/li>\n<li>S\u0142odki chleb bananowy<\/li>\n<\/ol>\n<p>Podczas Warsztatu kulinarnego nr 4 \u2013<span style=\"color: #800080\"> \u201eNieco kuchni w\u0142oskiej\u201d<\/span> przygotowano:<\/p>\n<ol>\n<li>Bruschetty<\/li>\n<li>Granol\u0119 czyli domowe p\u0142atki \u015bniadaniowe<\/li>\n<li>Domow\u0105 nutell\u0119<\/li>\n<li>Minestrone<\/li>\n<li>Indyka zapiekanego pod migda\u0142ami<\/li>\n<li>Zimow\u0105 sa\u0142atk\u0119 z rukoli, gruszki, granatu i orzech\u00f3w<\/li>\n<li>B\u0142yskawiczne ciastka czekoladowe<\/li>\n<\/ol>\n<p>Dzi\u0119ki zaj\u0119ciom w profesjonalnym studio kulinarnym Look&amp;Cook uczniowie szko\u0142y mogli podnie\u015b\u0107 swoje kwalifikacje i kompetencje zawodowe, poszerzy\u0107 zakres umiej\u0119tno\u015bci oraz uwierzy\u0107 w swoje mo\u017cliwo\u015bci.<\/p>\n<p><\/p>\n<h2>&nbsp;<\/h2>\n<p><\/p>\n<h2><a href=\"https:\/\/www.zss1.strefa.pl\/wpress\/wp-content\/uploads\/2017\/11\/doradca-2.jpg\"><img loading=\"lazy\" decoding=\"async\" class=\"wp-image-2775 alignleft\" src=\"https:\/\/www.zss1.strefa.pl\/wpress\/wp-content\/uploads\/2017\/11\/doradca-2.jpg\" alt=\"\" width=\"108\" height=\"108\" srcset=\"https:\/\/www.zss1.strefa.pl\/wpress\/wp-content\/uploads\/2017\/11\/doradca-2.jpg 250w, https:\/\/www.zss1.strefa.pl\/wpress\/wp-content\/uploads\/2017\/11\/doradca-2-150x150.jpg 150w\" sizes=\"auto, (max-width: 108px) 100vw, 108px\" \/><\/a><\/h2>\n<p><\/p>\n<p>30 pa\u017adziernika 2017 r. rozpocz\u0119\u0142a si\u0119 pierwsza forma wsparcia uczni\u00f3w Zasadniczej Szko\u0142y Zawodowej w Zespole Szk\u00f3\u0142 Specjalnych nr &nbsp;1 w Zielonej G\u00f3rze.<\/p>\n<p>W zaj\u0119ciach uczestniczy\u0142a p. Agnieszka Sk\u00f3rzewska (doradca zawodowy), kt\u00f3ra wsp\u00f3lnie ze szkolnym koordynatorem&nbsp; projektu, p. S\u0142awomir\u0105 Daleck\u0105,&nbsp; przeprowadzi\u0142a ankiety diagnostyczne: Kwestionariusz Temperamentu, Kwestionariusz Zainteresowa\u0144 Zawodowych, Kwestionariusz \u201eMoja kariera\u201d E. Scheina oraz wywiad doradczy. Na podstawie zebranych informacji ustalono Indywidualny Plan Dzia\u0142ania (IPD) dla 10 uczni\u00f3w deklaruj\u0105cych ch\u0119\u0107 przyst\u0105pienia do dzia\u0142a\u0144 projektowych, okre\u015blono predyspozycje, zainteresowania i zdolno\u015bci, s\u0142abe i mocne strony ucznia, hierarchi\u0119 warto\u015bci, cechy osobowo\u015bci oraz wskazano rekomendacje zawodowe.<\/p>\n<p><a href=\"https:\/\/www.zss1.strefa.pl\/wpress\/wp-content\/uploads\/2017\/11\/doradca-1.jpg\"><img loading=\"lazy\" decoding=\"async\" class=\"wp-image-2774 aligncenter\" src=\"https:\/\/www.zss1.strefa.pl\/wpress\/wp-content\/uploads\/2017\/11\/doradca-1.jpg\" alt=\"\" width=\"185\" height=\"147\"><\/a><\/p>\n<h2>&nbsp;&nbsp;<a href=\"https:\/\/www.zss1.strefa.pl\/wpress\/wp-content\/uploads\/2017\/05\/kszt-zawodowe-1.png\"><br><img loading=\"lazy\" decoding=\"async\" class=\"size-large wp-image-2411 aligncenter\" src=\"https:\/\/www.zss1.strefa.pl\/wpress\/wp-content\/uploads\/2017\/05\/kszt-zawodowe-1-728x1024.png\" alt=\"\" width=\"728\" height=\"1024\" srcset=\"https:\/\/www.zss1.strefa.pl\/wpress\/wp-content\/uploads\/2017\/05\/kszt-zawodowe-1-728x1024.png 728w, https:\/\/www.zss1.strefa.pl\/wpress\/wp-content\/uploads\/2017\/05\/kszt-zawodowe-1-213x300.png 213w, https:\/\/www.zss1.strefa.pl\/wpress\/wp-content\/uploads\/2017\/05\/kszt-zawodowe-1-768x1080.png 768w\" sizes=\"auto, (max-width: 728px) 100vw, 728px\" \/><\/a><\/h2>\n<h2><a href=\"https:\/\/www.zss1.strefa.pl\/wpress\/wp-content\/uploads\/2017\/05\/kszt-zawodowe-2.png\"><img loading=\"lazy\" decoding=\"async\" class=\" wp-image-2413 aligncenter\" src=\"https:\/\/www.zss1.strefa.pl\/wpress\/wp-content\/uploads\/2017\/05\/kszt-zawodowe-2-877x1024.png\" alt=\"\" width=\"728\" height=\"850\" srcset=\"https:\/\/www.zss1.strefa.pl\/wpress\/wp-content\/uploads\/2017\/05\/kszt-zawodowe-2-877x1024.png 877w, https:\/\/www.zss1.strefa.pl\/wpress\/wp-content\/uploads\/2017\/05\/kszt-zawodowe-2-257x300.png 257w, https:\/\/www.zss1.strefa.pl\/wpress\/wp-content\/uploads\/2017\/05\/kszt-zawodowe-2-768x897.png 768w\" sizes=\"auto, (max-width: 728px) 100vw, 728px\" \/><\/a><\/h2>\n<h2><a href=\"https:\/\/www.zss1.strefa.pl\/wpress\/wp-content\/uploads\/2017\/07\/baner_1000_580-kopia.jpg\"><img loading=\"lazy\" decoding=\"async\" class=\" wp-image-2527 aligncenter\" src=\"https:\/\/www.zss1.strefa.pl\/wpress\/wp-content\/uploads\/2017\/07\/baner_1000_580-kopia-300x174.jpg\" alt=\"\" width=\"719\" height=\"417\" srcset=\"https:\/\/www.zss1.strefa.pl\/wpress\/wp-content\/uploads\/2017\/07\/baner_1000_580-kopia-300x174.jpg 300w, https:\/\/www.zss1.strefa.pl\/wpress\/wp-content\/uploads\/2017\/07\/baner_1000_580-kopia-768x445.jpg 768w, https:\/\/www.zss1.strefa.pl\/wpress\/wp-content\/uploads\/2017\/07\/baner_1000_580-kopia.jpg 1000w\" sizes=\"auto, (max-width: 719px) 100vw, 719px\" \/><\/a><\/h2>\n<h2>&nbsp;<\/h2>\n<p style=\"text-align: center\"><strong>Miasto Zielona G\u00f3ra <\/strong><br><strong> realizuje jeden z najwi\u0119kszych, w naszym grodzie, o\u015bwiatowych projekt\u00f3w<\/strong><br><strong> \u201eModernizacja kszta\u0142cenia zawodowego w Mie\u015bcie Zielona G\u00f3ra \u2013 projekty realizowane poza formu\u0142\u0105 ZIT\u201d<\/strong><br><strong> wsp\u00f3\u0142finansowanych przez Uni\u0119 Europejsk\u0105 ze \u015brodk\u00f3w&nbsp;Europejskiego Funduszu Spo\u0142ecznego <\/strong><br><strong> w ramach Regionalnego Programu Operacyjnego Lubuskie 2020<\/strong><\/p>\n<p style=\"text-align: center\"><strong>O\u015b priorytetowa 8 Nowoczesna edukacja,<\/strong><\/p>\n<p style=\"text-align: center\"><strong>Dzia\u0142anie 8.4 Doskonalenie jako\u015bci kszta\u0142cenia zawodowego,<\/strong><\/p>\n<p style=\"text-align: center\"><strong>Poddzia\u0142anie 8.4.1 Doskonalenie jako\u015bci kszta\u0142cenia zawodowego<br>\u2013 projekty realizowane poza formu\u0142\u0105 ZIT,<\/strong><br><strong> &nbsp;nr umowy RPLB.08.04.01-08-0022\/16.<\/strong><\/p>\n<p><\/p>\n<p>G\u0142\u00f3wnym celem projektu jest poprawa jako\u015bci kszta\u0142cenia zawodowego<br>i dostosowanie do potrzeb rynku pracy w regionie, co przyczyni si\u0119 do zwi\u0119kszenia szans zatrudnienia absolwent\u00f3w szk\u00f3\u0142 i ich zawodowych perspektyw.<\/p>\n<p>Zadania realizowane w projekcie to:<\/p>\n<p>Zadanie 1.<br>Doskonalenie nauczycieli w zakresie tematyki zwi\u0105zanej z nauczanym przedmiotem;<\/p>\n<p>Zadanie 2.<br>Praktyki i sta\u017ce dla nauczycieli kszta\u0142cenia zawodowego u pracodawc\u00f3w i przedsi\u0119biorc\u00f3w;<\/p>\n<p>Zadanie 3.<br>Kszta\u0142cenie zawodowe uczni\u00f3w;<\/p>\n<p>Zadanie 4.<br>Praktyki i sta\u017ce dla uczni\u00f3w realizowane u pracodawc\u00f3w i przedsi\u0119biorc\u00f3w;<\/p>\n<p>Zadanie 5.<br>Doradztwo edukacyjno-zawodowe;<\/p>\n<p>Zadanie 6.<br>Modernizacja kszta\u0142cenia zawodowego;<\/p>\n<p>Zadanie 7.<br>Utworzenie i rozw\u00f3j ukierunkowanych bran\u017cowo Centr\u00f3w Kszta\u0142cenia Zawodowego i Ustawicznego;<\/p>\n<p>Zadnie 8.<br>Dodatkowe zaj\u0119cia specjalistyczne dla uczni\u00f3w na uczelni.<\/p>\n<p>Beneficjentem programu jest, zgodnie z nomenklatur\u0105 europejsk\u0105, Miasto Zielona G\u00f3ra, a tak naprawd\u0119 s\u0105 nim nauczyciele i uczniowie zielonog\u00f3rskich technik\u00f3w i szk\u00f3\u0142 zawodowych. W projekcie, kt\u00f3ry potrwa do 30 czerwca 2022 we\u017amie bowiem udzia\u0142 4 tysi\u0105ce uczni\u00f3w z publicznych i niepublicznych szk\u00f3\u0142 i podmiot\u00f3w prowadz\u0105cych kszta\u0142cenie zawodowe oraz 122 nauczycieli przedmiot\u00f3w zawodowych i instruktor\u00f3w praktycznej nauki zawodu z nast\u0119puj\u0105cych szk\u00f3\u0142 i plac\u00f3wek kszta\u0142cenia zawodowego. W\u015br\u00f3d 10 jednostek jest i nasza szko\u0142a &#8211; Zasadnicza Szko\u0142a Zawodowa im. H. CH. Andersena w Zespole Szk\u00f3\u0142 Specjalnych nr 1 w Zielonej G\u00f3rze.<\/p>\n<p>Chcemy by w naszej szkole realizacja zaprojektowanych dzia\u0142a\u0144 przynios\u0142a:<\/p>\n<ul>\n<li>podniesienie kwalifikacji zawodowych uczni\u00f3w poprzez kursy, szkolenia, warsztaty, zaj\u0119cia dodatkowe, praktyki i sta\u017ce;<\/li>\n<li>doskonalenia umiej\u0119tno\u015bci i kompetencji zawodowych nauczycieli zawodu<br>i instruktor\u00f3w praktycznej nauki zawodu poprzez studia podyplomowe, kursy kwalifikacyjne a tak\u017ce szkolenia, praktyki i sta\u017ce;<\/li>\n<li>modernizacj\u0119 procesu kszta\u0142cenia poprzez wyposa\u017cenie i doposa\u017cenie pracowni i warsztat\u00f3w szkolnych;<\/li>\n<li>lepsz\u0105 wsp\u00f3\u0142prac\u0119 z otoczeniem spo\u0142ecznym i biznesowym.<\/li>\n<\/ul>\n<p>Planowane w naszej szkole doskonalenie nauczycieli obejmuje:<\/p>\n<ol>\n<li>Warsztaty \u2013 profesjonalny nauczyciel \u201eDekoracje i cukiernictwo\u201d<\/li>\n<li>Warsztaty gastronomiczne \u201eKuchnie \u015bwiata\u201d<\/li>\n<\/ol>\n<p>Planowane dodatkowe kszta\u0142cenie uczni\u00f3w w Zasadniczej Szkole Zawodowej im. H. CH. Andersena obejmuje:<\/p>\n<ol>\n<li>Warsztaty SLOW Food<\/li>\n<li>Warsztaty FAST Food<\/li>\n<li>Warsztaty FAST Food Burgery<\/li>\n<li>Analiza i wytwarzanie \u017cywno\u015bci<\/li>\n<\/ol>\n<p>Liderem projektu wartego bez ma\u0142a 40 milion\u00f3w z\u0142otych jest Miasto Zielona G\u00f3ra natomiast jego partnerami s\u0105:<\/p>\n<ul>\n<li>Park Naukowo- Technologiczny Uniwersytetu Zielonog\u00f3rskiego sp. z o.o.<\/li>\n<li>Zachodnia Izba Przemys\u0142owo-Handlowa w Gorzowie Wlkp.<\/li>\n<li>Zak\u0142ad Doskonalenia Zawodowego w Zielonej G\u00f3rze<\/li>\n<li>Przedsi\u0119biorstwo Budownictwa Og\u00f3lnego sp. z o.o. w Zielonej G\u00f3rze<\/li>\n<li>Izba Rzemie\u015blnicza i Przedsi\u0119biorczo\u015bci w Zielonej G\u00f3rze<\/li>\n<li>Stowarzyszenia Przyjaci\u00f3\u0142 Wojew\u00f3dzkiego O\u015brodka Dokszta\u0142cania Zawodowego.<\/li>\n<\/ul>\n<p><strong>Doradc\u0105 zawodowym w naszej szkole jest:<br><\/strong>Agnieszka Sk\u00f3rzewska<br>z kt\u00f3r\u0105 mo\u017cna kontaktowa\u0107 si\u0119 za po\u015brednictwem koordynatora szkolnego projektu &#8211; S\u0142awomiry Daleckiej.<\/p>\n<p><strong>Regulamin projektu dost\u0119pny jest w poni\u017cszym linku:<br><\/strong><a href=\"https:\/\/www.zss1.strefa.pl\/wpress\/wp-content\/uploads\/2017\/07\/Regulamin-projektu.pdf\">Regulamin projektu<\/a><\/p>\n<p><strong>Dokumenty do pobrania:<\/strong><\/p>\n<ol>\n<li><a href=\"https:\/\/www.zss1.strefa.pl\/wpress\/wp-content\/uploads\/2017\/05\/2-FORMULARZ-ZG\u0141OSZENIOWY-DLA-NAUCZYCIELA.doc\">Formularz zg\u0142oszenia dla nauczyciela<\/a><\/li>\n<li><a href=\"https:\/\/www.zss1.strefa.pl\/wpress\/wp-content\/uploads\/2017\/05\/1-FORMULARZ-ZG\u0141OSZENIOWY-DLA-UCZNIA.doc\">Formularz zg\u0142oszenia dla ucznia<\/a><\/li>\n<li><a href=\"https:\/\/www.zss1.strefa.pl\/wpress\/wp-content\/uploads\/2017\/05\/4-DEKLARACJA-UCZESTNICTWA-W-PROJEKCIE-ZG.doc\">Deklaracja uczestnictwa w projekcie<\/a><\/li>\n<li><a href=\"https:\/\/www.zss1.strefa.pl\/wpress\/wp-content\/uploads\/2017\/07\/Dane-osobowe-nauczyciela.pdf\">Dane osobowe nauczyciela<\/a><\/li>\n<li><a href=\"https:\/\/www.zss1.strefa.pl\/wpress\/wp-content\/uploads\/2017\/05\/5-DANE-OSOBOWE-UCZE\u00d1-2.doc\">Dane osobowe ucznia<\/a><\/li>\n<li><a href=\"https:\/\/www.zss1.strefa.pl\/wpress\/wp-content\/uploads\/2017\/05\/7-O\u015aWIADCZENIE-UCZESTNIKA-PROJEKTU.doc\">O\u015bwiadczenie uczestnika projektu<\/a><\/li>\n<li><a href=\"https:\/\/www.zss1.strefa.pl\/wpress\/wp-content\/uploads\/2017\/07\/REZYGNACJA-2017-pr\u00f3ba.pdf\">O\u015bwiadczenie o rezygnacji z uczestnictwa w projekcie<\/a><\/li>\n<li><a href=\"https:\/\/www.zss1.strefa.pl\/wpress\/wp-content\/uploads\/2017\/05\/ankieta-ex-ante-uczniowie.doc\">Ankieta ex-ante-dla ucznia<\/a><\/li>\n<li><a href=\"https:\/\/www.zss1.strefa.pl\/wpress\/wp-content\/uploads\/2017\/05\/ankieta-ex-post-uczniowie.doc\">Ankieta ex-post-dla ucznia<\/a><\/li>\n<\/ol>\n\n\n<p>W dniach 12 &#8211; 13 lutego 2019 r. w Sali Kolumnowej Urz\u0119du\nMarsza\u0142kowskiego Wojew\u00f3dztwa Lubuskiego w Zielonej G\u00f3rze uczniowie Szko\u0142y\nBran\u017cowej I stopnia w Zespole Szk\u00f3\u0142 Specjalnych nr 1 w Zielonej G\u00f3rze wzi\u0119li\nudzia\u0142 w TARGACH EDUKACYJNO-ZAWODOWYCH. Organizatorami targ\u00f3w by\u0142o Miasto\nZielona G\u00f3ra oraz Powiatowe Centrum Doradztwa Zawodowego<\/p>\n\n\n\n<p class=\"has-light-gray-background-color has-background\">Dzia\u0142ania w I p\u00f3\u0142roczu 2021 roku<\/p>\n","protected":false},"excerpt":{"rendered":"<p>Konkurs zawodoznawczy 2022r. &#8211; VI edycja Gra terenowa pn. \u201eWiedz\u0119 zdobywam &#8211; przysz\u0142o\u015b\u0107 wygrywam\u201d 28 kwietnia 2022 r. 3 osobowa reprezentacja naszej szko\u0142y, w sk\u0142adzie kt\u00f3rej znale\u017ali si\u0119: Karolina Podniesi\u0144ska, Kuba \u0141azanowski i Micha\u0142 Dworak, wzi\u0119\u0142a udzia\u0142 w Grze terenowej <a href=\"https:\/\/www.zss1.strefa.pl\/wpress\/?page_id=2488\" class=\"read-more\">Read More &#8230;<\/a><\/p>\n","protected":false},"author":1,"featured_media":0,"parent":771,"menu_order":5,"comment_status":"closed","ping_status":"closed","template":"","meta":{"footnotes":""},"class_list":["post-2488","page","type-page","status-publish","hentry"],"_links":{"self":[{"href":"https:\/\/www.zss1.strefa.pl\/wpress\/index.php?rest_route=\/wp\/v2\/pages\/2488","targetHints":{"allow":["GET"]}}],"collection":[{"href":"https:\/\/www.zss1.strefa.pl\/wpress\/index.php?rest_route=\/wp\/v2\/pages"}],"about":[{"href":"https:\/\/www.zss1.strefa.pl\/wpress\/index.php?rest_route=\/wp\/v2\/types\/page"}],"author":[{"embeddable":true,"href":"https:\/\/www.zss1.strefa.pl\/wpress\/index.php?rest_route=\/wp\/v2\/users\/1"}],"replies":[{"embeddable":true,"href":"https:\/\/www.zss1.strefa.pl\/wpress\/index.php?rest_route=%2Fwp%2Fv2%2Fcomments&post=2488"}],"version-history":[{"count":90,"href":"https:\/\/www.zss1.strefa.pl\/wpress\/index.php?rest_route=\/wp\/v2\/pages\/2488\/revisions"}],"predecessor-version":[{"id":15464,"href":"https:\/\/www.zss1.strefa.pl\/wpress\/index.php?rest_route=\/wp\/v2\/pages\/2488\/revisions\/15464"}],"up":[{"embeddable":true,"href":"https:\/\/www.zss1.strefa.pl\/wpress\/index.php?rest_route=\/wp\/v2\/pages\/771"}],"wp:attachment":[{"href":"https:\/\/www.zss1.strefa.pl\/wpress\/index.php?rest_route=%2Fwp%2Fv2%2Fmedia&parent=2488"}],"curies":[{"name":"wp","href":"https:\/\/api.w.org\/{rel}","templated":true}]}}